{"id":211,"date":"2025-09-23T18:13:25","date_gmt":"2025-09-23T16:13:25","guid":{"rendered":"https:\/\/www.ace01.org\/?page_id=211"},"modified":"2025-09-23T18:13:25","modified_gmt":"2025-09-23T16:13:25","slug":"rapport-dactivite-2024-2025","status":"publish","type":"page","link":"https:\/\/www.ace01.org\/?page_id=211","title":{"rendered":"Rapport d&rsquo;activit\u00e9 2024-2025"},"content":{"rendered":"\n<figure class=\"wp-block-image size-full\"><img loading=\"lazy\" decoding=\"async\" width=\"1000\" height=\"250\" src=\"https:\/\/www.ace01.org\/wp-content\/uploads\/2025\/02\/banniereACE01.jpg\" alt=\"\" class=\"wp-image-140\" srcset=\"https:\/\/www.ace01.org\/wp-content\/uploads\/2025\/02\/banniereACE01.jpg 1000w, https:\/\/www.ace01.org\/wp-content\/uploads\/2025\/02\/banniereACE01-300x75.jpg 300w\" sizes=\"(max-width: 1000px) 100vw, 1000px\" \/><\/figure>\n\n\n\n<div class=\"wp-block-media-text is-stacked-on-mobile\"><figure class=\"wp-block-media-text__media\"><img loading=\"lazy\" decoding=\"async\" width=\"500\" height=\"500\" src=\"https:\/\/www.ace01.org\/wp-content\/uploads\/2025\/02\/1.png\" alt=\"\" class=\"wp-image-137 size-full\" srcset=\"https:\/\/www.ace01.org\/wp-content\/uploads\/2025\/02\/1.png 500w, https:\/\/www.ace01.org\/wp-content\/uploads\/2025\/02\/1-300x300.png 300w, https:\/\/www.ace01.org\/wp-content\/uploads\/2025\/02\/1-150x150.png 150w\" sizes=\"(max-width: 500px) 100vw, 500px\" \/><\/figure><div class=\"wp-block-media-text__content\">\n<p class=\"has-text-align-center\"><strong>F\u00caTE DE RENTR\u00c9E &amp; APR\u00c8S CAMPS <\/strong><\/p>\n\n\n\n<p>Le 28 septembre dernier, l\u2019ACE de l\u2019Ain a organis\u00e9 sa f\u00eate de rentr\u00e9e 2025. Une Assembl\u00e9e G\u00e9n\u00e9rale Ordinaire pour voter les diff\u00e9rents rapports avec les parents.<\/p>\n\n\n\n<p>Pendant ce temps, les enfants ont profit\u00e9 de la matin\u00e9e pour faire leur \u201capr\u00e8s-camp\u201d, une demi-journ\u00e9e pour se rem\u00e9morer des souvenirs de l\u2019\u00e9t\u00e9, raconter des anecdotes et prolonger encore un peu l\u2019\u00e9t\u00e9.<\/p>\n\n\n\n<p>L\u2019apr\u00e8s-midi \u00e9tait consacr\u00e9 aux projections. Que souhaitent les enfants pour l\u2019ann\u00e9e suivante ?<\/p>\n\n\n\n<p>Pour la soir\u00e9e, l\u2019ACE s\u2019est associ\u00e9 une nouvelle fois avec le MRJC et le CMR pour l\u2019organisation d\u2019un bal folk. 200 personnes sont venues danser et profiter de la soir\u00e9e. Un moment de partage tr\u00e8s porteur pour ce d\u00e9but d\u2019ann\u00e9e.<\/p>\n\n\n\n<p class=\"has-text-align-right\"><em><strong>10 enfants \u00e9tait pr\u00e9sents <\/strong><\/em><\/p>\n<\/div><\/div>\n\n\n\n<div class=\"wp-block-media-text has-media-on-the-right is-stacked-on-mobile\"><div class=\"wp-block-media-text__content\">\n<p class=\"has-text-align-center\"><strong>UNE ANN\u00c9E PONCTU\u00c9E DE TEMPS FORTS <\/strong><\/p>\n\n\n\n<p><strong>TEMPS FORT DE NOVEMBRE 2024<\/strong><\/p>\n\n\n\n<p>A la Chapelle des Vennes avec Soline et Garance. <\/p>\n\n\n\n<p>Jeux de coop\u00e9ration en tous genres. <\/p>\n\n\n\n<p><strong>TEMPS FORT DE MARS 2025<\/strong><\/p>\n\n\n\n<p>A la Chapelle des Vennes avec Anouk, Candice et Garance. <\/p>\n\n\n\n<p>Grand jeu \u00ab\u00a0Artiste en herbe\u00a0\u00bb <\/p>\n\n\n\n<p><strong>TEMPS FORT D&rsquo;AVRIL 2025 <\/strong><\/p>\n\n\n\n<p>A la Fabrique du Revermont avec Louise, Garance et No\u00e9. <\/p>\n\n\n\n<p>Journ\u00e9e en commun avec les jeunes du MRJC. <\/p>\n\n\n\n<p class=\"has-text-align-right\"><strong><em>Entre 4 et 10 enfants \u00e0 chaque temps forts<\/em><\/strong><\/p>\n<\/div><figure class=\"wp-block-media-text__media\"><img loading=\"lazy\" decoding=\"async\" width=\"500\" height=\"500\" src=\"https:\/\/www.ace01.org\/wp-content\/uploads\/2025\/02\/2.png\" alt=\"\" class=\"wp-image-138 size-full\" srcset=\"https:\/\/www.ace01.org\/wp-content\/uploads\/2025\/02\/2.png 500w, https:\/\/www.ace01.org\/wp-content\/uploads\/2025\/02\/2-300x300.png 300w, https:\/\/www.ace01.org\/wp-content\/uploads\/2025\/02\/2-150x150.png 150w\" sizes=\"(max-width: 500px) 100vw, 500px\" \/><\/figure><\/div>\n\n\n\n<div class=\"wp-block-media-text is-stacked-on-mobile\"><figure class=\"wp-block-media-text__media\"><img loading=\"lazy\" decoding=\"async\" width=\"500\" height=\"500\" src=\"https:\/\/www.ace01.org\/wp-content\/uploads\/2025\/02\/3.png\" alt=\"\" class=\"wp-image-139 size-full\" srcset=\"https:\/\/www.ace01.org\/wp-content\/uploads\/2025\/02\/3.png 500w, https:\/\/www.ace01.org\/wp-content\/uploads\/2025\/02\/3-300x300.png 300w, https:\/\/www.ace01.org\/wp-content\/uploads\/2025\/02\/3-150x150.png 150w\" sizes=\"(max-width: 500px) 100vw, 500px\" \/><\/figure><div class=\"wp-block-media-text__content\">\n<p class=\"has-text-align-center\"><strong>UN CLUB DANS LE REVERMONT <\/strong><\/p>\n\n\n\n<p>Entre chaque temps forts, un rendez-vous \u00e9tait programm\u00e9 pour que les enfants puissent entretenir des liens toute l&rsquo;ann\u00e9e. <\/p>\n\n\n\n<p>Entre 4 et 8 enfants se sont retrouv\u00e9.e.s \u00e0 la Fabrique du Revermont pour une apr\u00e8s-midi de jeux, de rencontre, de balade et de go\u00fbter. <\/p>\n\n\n\n<p class=\"has-text-align-right\"><strong><em>1 apr\u00e8s-midi tous les 2 mois<\/em><\/strong><\/p>\n<\/div><\/div>\n\n\n\n<p class=\"has-text-align-center\"><strong>UNE FORMATION AU TEMPS SPIRITUEL <\/strong><\/p>\n\n\n\n<p>L&rsquo;ACE de l&rsquo;Ain et le MRJC 01 se sont ali\u00e9s pour proposer une formation \u00e0 l&rsquo;animation de temps spirituels. <\/p>\n\n\n\n<p>Il s&rsquo;agissait d&rsquo;une journ\u00e9e de formation pour r\u00e9fl\u00e9chir \u00e0 ce qu&rsquo;est un temps spirituel, comment l&rsquo;animer et quelle place cela a dans les projets associatifs de ces deux mouvements. <\/p>\n\n\n\n<p>Pour cette premi\u00e8re \u00e9dition, le 19 janvier 2025, 6 jeunes se sont form\u00e9s \u00e0 ces questions. <\/p>\n\n\n\n<div class=\"wp-block-media-text has-media-on-the-right is-stacked-on-mobile\"><div class=\"wp-block-media-text__content\">\n<p class=\"has-text-align-center\"><strong>L\u2019ASSEMBL\u00c9E GENERAL EXTRAORDINAIRE <\/strong><\/p>\n\n\n\n<p>L&rsquo;ann\u00e9e 2025 a marqu\u00e9 un tournant dans l&rsquo;histoire de l&rsquo;ACE. C&rsquo;est l&rsquo;ann\u00e9e o\u00f9 les statuts et le nom de l&rsquo;association ont \u00e9volu\u00e9. Depuis le 29 mars 2025 \u00e0 12h, l&rsquo;Assembl\u00e9e G\u00e9n\u00e9rale Extraordinaire a vot\u00e9 le changement de statuts et le nouveau nom : L&rsquo;ACE de l&rsquo;Ain, le Mouvements des Enfants. <\/p>\n\n\n\n<p>Cette mise \u00e0 jour nous rapproche de ce que fait r\u00e9ellement l&rsquo;association. Les partenaires comprennent dor\u00e9navant mieux notre activit\u00e9 et souhaitent finalement les financer. Cette reconnaissance donne un nouvel \u00e9lan pour l&rsquo;ACE ! <\/p>\n\n\n\n<p class=\"has-text-align-center\"><strong>UNE JOURN\u00c9E MATOS POUR FAIRE LE TRI <\/strong><\/p>\n\n\n\n<p>En pr\u00e9vision des camps et surtout du d\u00e9m\u00e9nagement, l&rsquo;ACE de l&rsquo;Ain, le mouvement des enfants a organis\u00e9 une \u00ab\u00a0Journ\u00e9e Matos\u00a0\u00bb. <\/p>\n\n\n\n<p>Cette journ\u00e9e \u00e0 pour objectif de faire le point sur les affaires de camp. Que manque-t-il ? De quoi ne se sert-on pas ou peu ? C&rsquo;est ab\u00eem\u00e9, il faut le r\u00e9parer, etc. <\/p>\n\n\n\n<p>Cette journ\u00e9e, c&rsquo;est aussi l&rsquo;occasion de partager un moment enfant-parent et de faire du lien entre toutes et tous autour d&rsquo;un repas partag\u00e9. <\/p>\n<\/div><figure class=\"wp-block-media-text__media\"><img loading=\"lazy\" decoding=\"async\" width=\"500\" height=\"500\" src=\"https:\/\/www.ace01.org\/wp-content\/uploads\/2025\/02\/1.png\" alt=\"\" class=\"wp-image-137 size-full\" srcset=\"https:\/\/www.ace01.org\/wp-content\/uploads\/2025\/02\/1.png 500w, https:\/\/www.ace01.org\/wp-content\/uploads\/2025\/02\/1-300x300.png 300w, https:\/\/www.ace01.org\/wp-content\/uploads\/2025\/02\/1-150x150.png 150w\" sizes=\"(max-width: 500px) 100vw, 500px\" \/><\/figure><\/div>\n\n\n\n<div class=\"wp-block-media-text is-stacked-on-mobile\"><figure class=\"wp-block-media-text__media\"><img loading=\"lazy\" decoding=\"async\" width=\"500\" height=\"500\" src=\"https:\/\/www.ace01.org\/wp-content\/uploads\/2025\/02\/2.png\" alt=\"\" class=\"wp-image-138 size-full\" srcset=\"https:\/\/www.ace01.org\/wp-content\/uploads\/2025\/02\/2.png 500w, https:\/\/www.ace01.org\/wp-content\/uploads\/2025\/02\/2-300x300.png 300w, https:\/\/www.ace01.org\/wp-content\/uploads\/2025\/02\/2-150x150.png 150w\" sizes=\"(max-width: 500px) 100vw, 500px\" \/><\/figure><div class=\"wp-block-media-text__content\">\n<p class=\"has-text-align-center\"><strong>D\u00c9M\u00c9NAGEMENT DES BUREAUX <\/strong><\/p>\n\n\n\n<p>Le MRJC et l&rsquo;ACE ont d\u00e9m\u00e9nag\u00e9 (encore) mais cette fois-ci, c&rsquo;est la derni\u00e8re ! <\/p>\n\n\n\n<p>La mairie de Bourg-en-Bresse a r\u00e9nov\u00e9 un nouveau tiers-lieu appel\u00e9 \u00ab\u00a0La Cantine\u00a0\u00bb dans lequel sont h\u00e9berg\u00e9es plusieurs autres structures associatives. <\/p>\n\n\n\n<p>Parmi elles, on compte le Rep&rsquo;R, l&rsquo;Atelier Ecocitoyen, le centre socioculturel de la Grande Reyssouze et l&rsquo;association des habitant.es du quartier AUCREY. <\/p>\n\n\n\n<p>C&rsquo;est dans ce nouvel environnement que vont pouvoir se d\u00e9velopper de nouveaux projets inter-structures. <\/p>\n\n\n\n<p>En plein coeur du quartier du Pont des Ch\u00e8vres, \u00ab\u00a0La Cantine\u00a0\u00bb offre de nouvelles possibilit\u00e9s de projets qui vont na\u00eetre ou bien qui ont d\u00e9j\u00e0 vu le jour comme c&rsquo;est le cas pour la F\u00eate du Jeu ! <\/p>\n\n\n\n<p class=\"has-text-align-right\"><strong><em>La Cantine : 10 rue des Blanchisseries 01000 Bourg-en-Bresse<\/em><\/strong><\/p>\n<\/div><\/div>\n\n\n\n<div class=\"wp-block-media-text has-media-on-the-right is-stacked-on-mobile\"><div class=\"wp-block-media-text__content\">\n<p class=\"has-text-align-center\"><strong>LA F\u00caTE DU JEU AU SQUARE LOUIS PARANT <\/strong><\/p>\n\n\n\n<p>Cet \u00e9v\u00e8nement co-organis\u00e9 avec le centre socioculturel de la Grande Reyssouze a marqu\u00e9 notre arriv\u00e9e \u00e0 la Cantine. Durant cette journ\u00e9e, l&rsquo;animation de jeux en bois, de jeux de soci\u00e9t\u00e9, le pr\u00eat de livres par la m\u00e9diath\u00e8que Aim\u00e9 C\u00e9saire et la pr\u00e9sence d&rsquo;une conteuse ont marqu\u00e9 les esprits des enfants et de leurs parents. <\/p>\n\n\n\n<p>L&rsquo;ACE a pu compter sur le soutien et la pr\u00e9sence de 6 b\u00e9n\u00e9voles durant cette journ\u00e9e du 17 mai 2025. <\/p>\n<\/div><figure class=\"wp-block-media-text__media\"><img loading=\"lazy\" decoding=\"async\" width=\"500\" height=\"500\" src=\"https:\/\/www.ace01.org\/wp-content\/uploads\/2025\/02\/3.png\" alt=\"\" class=\"wp-image-139 size-full\" srcset=\"https:\/\/www.ace01.org\/wp-content\/uploads\/2025\/02\/3.png 500w, https:\/\/www.ace01.org\/wp-content\/uploads\/2025\/02\/3-300x300.png 300w, https:\/\/www.ace01.org\/wp-content\/uploads\/2025\/02\/3-150x150.png 150w\" sizes=\"(max-width: 500px) 100vw, 500px\" \/><\/figure><\/div>\n\n\n\n<div class=\"wp-block-media-text is-stacked-on-mobile\"><figure class=\"wp-block-media-text__media\"><img loading=\"lazy\" decoding=\"async\" width=\"500\" height=\"500\" src=\"https:\/\/www.ace01.org\/wp-content\/uploads\/2025\/02\/1.png\" alt=\"\" class=\"wp-image-137 size-full\" srcset=\"https:\/\/www.ace01.org\/wp-content\/uploads\/2025\/02\/1.png 500w, https:\/\/www.ace01.org\/wp-content\/uploads\/2025\/02\/1-300x300.png 300w, https:\/\/www.ace01.org\/wp-content\/uploads\/2025\/02\/1-150x150.png 150w\" sizes=\"(max-width: 500px) 100vw, 500px\" \/><\/figure><div class=\"wp-block-media-text__content\">\n<p class=\"has-text-align-center\"><strong>DEUX CAMPS D\u2019\u00c9T\u00c9 DANS L&rsquo;AIN <\/strong><\/p>\n\n\n\n<p>Le Camping de la Grange du Pin a accueilli cette ann\u00e9e les 27 enfants de l&rsquo;ACE parti en camp. <\/p>\n\n\n\n<p>Les 6-8 ans sont parti.es du 5 au 10 juillet quand aux 9-11 ans du 27 juillet au 3 ao\u00fbt. <\/p>\n\n\n\n<p>Durant chaque semaine, 5 animateur.ices \u00e9taient pr\u00e9sent.es et ont anim\u00e9 la semaine. <\/p>\n\n\n\n<p>Au programme : visite du mus\u00e9e du Revermont, Balades, Baignade, Activit\u00e9s manuelles, Veill\u00e9es anim\u00e9es par les animateur.ices ou par les enfants. Tout ceci jonch\u00e9 de repas cuisin\u00e9es par les enfants. <\/p>\n<\/div><\/div>\n\n\n\n<div class=\"wp-block-media-text has-media-on-the-right is-stacked-on-mobile\"><div class=\"wp-block-media-text__content\">\n<p class=\"has-text-align-center\"><strong>LIENS AVEC NOS PARTENAIRES <\/strong><\/p>\n\n\n\n<p>AG AUCREY : le 25 avril, l&rsquo;ACE a particip\u00e9 \u00e0 l&rsquo;Assembl\u00e9e G\u00e9n\u00e9rale de l&rsquo;association des habitants des quartiers du Pont des Ch\u00e8vres et de la Grande Reyssouze (AUCREY), partenaire de l&rsquo;ACE sur l&rsquo;ann\u00e9e 2025 avec la F\u00eate du Jeu notamment. <\/p>\n\n\n\n<p>R\u00e9cup&rsquo; Ton Quartier : le 17 mai, l&rsquo;ACE a anim\u00e9 un stand de jeu \u00e0 l&rsquo;\u00e9v\u00e8nement R\u00e9cup&rsquo; Ton Quartier port\u00e9 par l&rsquo;association le Rep&rsquo;R. <\/p>\n\n\n\n<p>Festi&rsquo; Rural dans l&rsquo;Ain : le 22 juin, c&rsquo;est \u00e0 Hautecourt-Roman\u00e8che que le CMR de l&rsquo;Ain nous a convi\u00e9 pour tenir un stand lors de leur \u00e9v\u00e9nement. <\/p>\n\n\n\n<p>F\u00eate de cl\u00f4ture de la Fabrique : le 26 juillet, la Fabrique du Revermont a organis\u00e9 son nouvel \u00e9v\u00e9nement et l&rsquo;ACE a \u00e9t\u00e9 invit\u00e9 pour proposer une animation. <\/p>\n\n\n\n<p>Intervention au BAFD du MRJC de l&rsquo;Ain : le 1er mai, No\u00e9 est intervenu au BAFD du MRJC sur la th\u00e9matique des informations pr\u00e9occupantes. <\/p>\n\n\n\n<p>Sortie la Rayonne : la ville de Bourg-en-Bresse a organis\u00e9 une sortie a Lyon et Villeurbanne pour les associations de la Cantine et les habitants du quartier pour se rencontrer et apprendre \u00e0 se conna\u00eetre. <\/p>\n<\/div><figure class=\"wp-block-media-text__media\"><img loading=\"lazy\" decoding=\"async\" width=\"500\" height=\"500\" src=\"https:\/\/www.ace01.org\/wp-content\/uploads\/2025\/02\/2.png\" alt=\"\" class=\"wp-image-138 size-full\" srcset=\"https:\/\/www.ace01.org\/wp-content\/uploads\/2025\/02\/2.png 500w, https:\/\/www.ace01.org\/wp-content\/uploads\/2025\/02\/2-300x300.png 300w, https:\/\/www.ace01.org\/wp-content\/uploads\/2025\/02\/2-150x150.png 150w\" sizes=\"(max-width: 500px) 100vw, 500px\" \/><\/figure><\/div>\n\n\n\n<div class=\"wp-block-media-text is-stacked-on-mobile\"><figure class=\"wp-block-media-text__media\"><img loading=\"lazy\" decoding=\"async\" width=\"500\" height=\"500\" src=\"https:\/\/www.ace01.org\/wp-content\/uploads\/2025\/02\/3.png\" alt=\"\" class=\"wp-image-139 size-full\" srcset=\"https:\/\/www.ace01.org\/wp-content\/uploads\/2025\/02\/3.png 500w, https:\/\/www.ace01.org\/wp-content\/uploads\/2025\/02\/3-300x300.png 300w, https:\/\/www.ace01.org\/wp-content\/uploads\/2025\/02\/3-150x150.png 150w\" sizes=\"(max-width: 500px) 100vw, 500px\" \/><\/figure><div class=\"wp-block-media-text__content\">\n<p class=\"has-text-align-center\"><strong>LIENS AVEC LA FEDERATION DE L&rsquo;ACE <\/strong><\/p>\n\n\n\n<p>Depuis deux ans, l&rsquo;ACE de l&rsquo;Ain participe aux instances de la f\u00e9d\u00e9ration nationale de l&rsquo;ACE, dans la d\u00e9marche \u00ab\u00a0Horizon 2025\u00a0\u00bb, une r\u00e9flexion collective portant sur son organisation, ses relations avec les associations d\u00e9partementales et sur les orientations port\u00e9es par le mouvement. <\/p>\n\n\n\n<p>Nous avons \u00e9t\u00e9 pr\u00e9sent lors de nombreuses visioconf\u00e9rences avec des b\u00e9n\u00e9voles d&rsquo;autres d\u00e9partements pour \u00e9changer sur les r\u00e9alit\u00e9s et questionnements de chaque association et sur les liens avec la f\u00e9d\u00e9ration, nos attentes et nos besoins. <\/p>\n\n\n\n<p>Nous nous sommes rendu \u00e0 Paris, au si\u00e8ge, le samedi 5 octobre 2024 pour participer \u00e0 une journ\u00e9e de travaille issus des diff\u00e9rentes rencontres virtuelles. Cette journ\u00e9e a vu la premi\u00e8re \u00e9criture des nouvelles orientations et chartes. <\/p>\n\n\n\n<p>Nous avons poursuit notre participation, lors du weekend d&rsquo;Assembl\u00e9e G\u00e9n\u00e9rale ordinaire et extraordinaire \u00e0 Paris, les 8 et 9 f\u00e9vrier 2025, o\u00f9 nous avons vot\u00e9 pour les nouvelles orientations 2025-2030 : <\/p>\n\n\n\n<ol>\n<li>Eduquer, former, accompagner <\/li>\n\n\n\n<li>Rencontrer, accueillir, vivre en fraternit\u00e9 <\/li>\n\n\n\n<li>Faire r\u00e9seau, se d\u00e9velopper, communiquer<\/li>\n<\/ol>\n<\/div><\/div>\n","protected":false},"excerpt":{"rendered":"<p>F\u00caTE DE RENTR\u00c9E &amp; APR\u00c8S CAMPS Le 28 septembre dernier, l\u2019ACE de l\u2019Ain a organis\u00e9 sa f\u00eate de rentr\u00e9e 2025. Une Assembl\u00e9e G\u00e9n\u00e9rale Ordinaire pour voter les diff\u00e9rents rapports avec les parents. Pendant ce temps, les enfants ont profit\u00e9 de la matin\u00e9e pour faire leur \u201capr\u00e8s-camp\u201d, une demi-journ\u00e9e pour se rem\u00e9morer des souvenirs de l\u2019\u00e9t\u00e9, &hellip; <\/p>\n<p class=\"link-more\"><a href=\"https:\/\/www.ace01.org\/?page_id=211\" class=\"more-link\">Lire la suite de<span class=\"screen-reader-text\">\u00ab\u00a0Rapport d&rsquo;activit\u00e9 2024-2025\u00a0\u00bb<\/span><\/a><\/p>\n","protected":false},"author":1,"featured_media":0,"parent":0,"menu_order":0,"comment_status":"closed","ping_status":"closed","template":"","meta":{"footnotes":""},"_links":{"self":[{"href":"https:\/\/www.ace01.org\/index.php?rest_route=\/wp\/v2\/pages\/211"}],"collection":[{"href":"https:\/\/www.ace01.org\/index.php?rest_route=\/wp\/v2\/pages"}],"about":[{"href":"https:\/\/www.ace01.org\/index.php?rest_route=\/wp\/v2\/types\/page"}],"author":[{"embeddable":true,"href":"https:\/\/www.ace01.org\/index.php?rest_route=\/wp\/v2\/users\/1"}],"replies":[{"embeddable":true,"href":"https:\/\/www.ace01.org\/index.php?rest_route=%2Fwp%2Fv2%2Fcomments&post=211"}],"version-history":[{"count":2,"href":"https:\/\/www.ace01.org\/index.php?rest_route=\/wp\/v2\/pages\/211\/revisions"}],"predecessor-version":[{"id":213,"href":"https:\/\/www.ace01.org\/index.php?rest_route=\/wp\/v2\/pages\/211\/revisions\/213"}],"wp:attachment":[{"href":"https:\/\/www.ace01.org\/index.php?rest_route=%2Fwp%2Fv2%2Fmedia&parent=211"}],"curies":[{"name":"wp","href":"https:\/\/api.w.org\/{rel}","templated":true}]}}