{"id":178,"date":"2025-04-16T08:59:04","date_gmt":"2025-04-16T06:59:04","guid":{"rendered":"https:\/\/www.ace01.org\/?page_id=178"},"modified":"2025-06-23T11:04:32","modified_gmt":"2025-06-23T09:04:32","slug":"nos-coordonnees","status":"publish","type":"page","link":"https:\/\/www.ace01.org\/?page_id=178","title":{"rendered":"Nos coordonn\u00e9es"},"content":{"rendered":"\n<h3 class=\"wp-block-heading has-text-align-center\">Pour nous contacter vous pouvez t\u00e9l\u00e9phoner ou \u00e9crire \u00e0 notre animatrice permanente : <\/h3>\n\n\n\n<p class=\"has-text-align-center has-medium-font-size\">Par t\u00e9l\u00e9phone : 07.82.12.10.19 <\/p>\n\n\n\n<p class=\"has-text-align-center has-medium-font-size\">Par mail : contact@ace01.org <\/p>\n\n\n\n<h3 class=\"wp-block-heading has-text-align-center\">Ou contactez le comit\u00e9 d\u00e9partemental : <\/h3>\n\n\n\n<p class=\"has-text-align-center has-small-font-size\">Par mail : bureau@ace01.org <\/p>\n\n\n\n<figure class=\"wp-block-image aligncenter size-full\"><img loading=\"lazy\" decoding=\"async\" width=\"1000\" height=\"250\" src=\"https:\/\/www.ace01.org\/wp-content\/uploads\/2025\/02\/banniereACE01.jpg\" alt=\"\" class=\"wp-image-140\" srcset=\"https:\/\/www.ace01.org\/wp-content\/uploads\/2025\/02\/banniereACE01.jpg 1000w, https:\/\/www.ace01.org\/wp-content\/uploads\/2025\/02\/banniereACE01-300x75.jpg 300w\" sizes=\"(max-width: 1000px) 100vw, 1000px\" \/><\/figure>\n\n\n\n<h3 class=\"wp-block-heading has-text-align-center\">Adresse postale et si\u00e8ge social :<\/h3>\n\n\n\n<div class=\"wp-block-media-text is-stacked-on-mobile is-vertically-aligned-center\" style=\"grid-template-columns:20% auto\"><figure class=\"wp-block-media-text__media\"><img loading=\"lazy\" decoding=\"async\" width=\"1024\" height=\"947\" src=\"https:\/\/www.ace01.org\/wp-content\/uploads\/2024\/08\/cropped-Logo_Base2023_transparent-1-1024x947.png\" alt=\"\" class=\"wp-image-42 size-full\" srcset=\"https:\/\/www.ace01.org\/wp-content\/uploads\/2024\/08\/cropped-Logo_Base2023_transparent-1-1024x947.png 1024w, https:\/\/www.ace01.org\/wp-content\/uploads\/2024\/08\/cropped-Logo_Base2023_transparent-1-300x277.png 300w, https:\/\/www.ace01.org\/wp-content\/uploads\/2024\/08\/cropped-Logo_Base2023_transparent-1.png 1229w\" sizes=\"(max-width: 1024px) 100vw, 1024px\" \/><\/figure><div class=\"wp-block-media-text__content\">\n<p class=\"has-text-align-center has-medium-font-size\">ACE de l&rsquo;Ain, le mouvement des enfants <\/p>\n\n\n\n<p class=\"has-text-align-center\">Maison de la Culture et de la Citoyennet\u00e9 <\/p>\n\n\n\n<p class=\"has-text-align-center\">4, all\u00e9e des Brotteaux <\/p>\n\n\n\n<p class=\"has-text-align-center\">01006 BOURG-EN-BRESSE Cedex <\/p>\n<\/div><\/div>\n\n\n\n<h3 class=\"wp-block-heading has-text-align-center\">Adresse du bureau <\/h3>\n\n\n\n<p class=\"has-text-align-center\">Nouvelle adresse \u00e0 partir du 20 avril 2025 : <\/p>\n\n\n\n<p class=\"has-text-align-center\">Nous quittons les locaux du 1 avenue Am\u00e9d\u00e9e Mercier pour int\u00e9grer avec le MRJC le tiers-lieu \u00ab\u00a0La Cantine\u00a0\u00bb de la Ville de Bourg-en-Bresse : <\/p>\n\n\n\n<p class=\"has-text-align-center\"><strong>La Cantine <\/strong><\/p>\n\n\n\n<p class=\"has-text-align-center has-medium-font-size\">10 rue des Blanchisseries <\/p>\n\n\n\n<p class=\"has-text-align-center has-medium-font-size\">01000 BOURG-EN-BRESSE <\/p>\n\n\n\n<figure class=\"wp-block-image aligncenter size-full\"><img loading=\"lazy\" decoding=\"async\" width=\"1000\" height=\"250\" src=\"https:\/\/www.ace01.org\/wp-content\/uploads\/2025\/02\/banniereACE01.jpg\" alt=\"\" class=\"wp-image-140\" srcset=\"https:\/\/www.ace01.org\/wp-content\/uploads\/2025\/02\/banniereACE01.jpg 1000w, https:\/\/www.ace01.org\/wp-content\/uploads\/2025\/02\/banniereACE01-300x75.jpg 300w\" sizes=\"(max-width: 1000px) 100vw, 1000px\" \/><\/figure>\n","protected":false},"excerpt":{"rendered":"<p>Pour nous contacter vous pouvez t\u00e9l\u00e9phoner ou \u00e9crire \u00e0 notre animatrice permanente : Par t\u00e9l\u00e9phone : 07.82.12.10.19 Par mail : contact@ace01.org Ou contactez le comit\u00e9 d\u00e9partemental : Par mail : bureau@ace01.org Adresse postale et si\u00e8ge social : ACE de l&rsquo;Ain, le mouvement des enfants Maison de la Culture et de la Citoyennet\u00e9 4, all\u00e9e des &hellip; <\/p>\n<p class=\"link-more\"><a href=\"https:\/\/www.ace01.org\/?page_id=178\" class=\"more-link\">Lire la suite de<span class=\"screen-reader-text\">\u00ab\u00a0Nos coordonn\u00e9es\u00a0\u00bb<\/span><\/a><\/p>\n","protected":false},"author":1,"featured_media":0,"parent":0,"menu_order":0,"comment_status":"closed","ping_status":"closed","template":"","meta":{"footnotes":""},"_links":{"self":[{"href":"https:\/\/www.ace01.org\/index.php?rest_route=\/wp\/v2\/pages\/178"}],"collection":[{"href":"https:\/\/www.ace01.org\/index.php?rest_route=\/wp\/v2\/pages"}],"about":[{"href":"https:\/\/www.ace01.org\/index.php?rest_route=\/wp\/v2\/types\/page"}],"author":[{"embeddable":true,"href":"https:\/\/www.ace01.org\/index.php?rest_route=\/wp\/v2\/users\/1"}],"replies":[{"embeddable":true,"href":"https:\/\/www.ace01.org\/index.php?rest_route=%2Fwp%2Fv2%2Fcomments&post=178"}],"version-history":[{"count":3,"href":"https:\/\/www.ace01.org\/index.php?rest_route=\/wp\/v2\/pages\/178\/revisions"}],"predecessor-version":[{"id":202,"href":"https:\/\/www.ace01.org\/index.php?rest_route=\/wp\/v2\/pages\/178\/revisions\/202"}],"wp:attachment":[{"href":"https:\/\/www.ace01.org\/index.php?rest_route=%2Fwp%2Fv2%2Fmedia&parent=178"}],"curies":[{"name":"wp","href":"https:\/\/api.w.org\/{rel}","templated":true}]}}