{"id":174,"date":"2025-04-16T08:35:28","date_gmt":"2025-04-16T06:35:28","guid":{"rendered":"https:\/\/www.ace01.org\/?page_id=174"},"modified":"2025-04-16T08:35:28","modified_gmt":"2025-04-16T06:35:28","slug":"rapport-dactivite-2023-2024","status":"publish","type":"page","link":"https:\/\/www.ace01.org\/?page_id=174","title":{"rendered":"Rapport d&rsquo;activit\u00e9 2023-2024"},"content":{"rendered":"\n<figure class=\"wp-block-image aligncenter size-full\"><img loading=\"lazy\" decoding=\"async\" width=\"1000\" height=\"250\" src=\"https:\/\/www.ace01.org\/wp-content\/uploads\/2025\/02\/banniereACE01.jpg\" alt=\"\" class=\"wp-image-140\" srcset=\"https:\/\/www.ace01.org\/wp-content\/uploads\/2025\/02\/banniereACE01.jpg 1000w, https:\/\/www.ace01.org\/wp-content\/uploads\/2025\/02\/banniereACE01-300x75.jpg 300w\" sizes=\"(max-width: 1000px) 100vw, 1000px\" \/><\/figure>\n\n\n\n<div class=\"wp-block-media-text is-stacked-on-mobile\"><figure class=\"wp-block-media-text__media\"><img loading=\"lazy\" decoding=\"async\" width=\"500\" height=\"500\" src=\"https:\/\/www.ace01.org\/wp-content\/uploads\/2025\/02\/1.png\" alt=\"\" class=\"wp-image-137 size-full\" srcset=\"https:\/\/www.ace01.org\/wp-content\/uploads\/2025\/02\/1.png 500w, https:\/\/www.ace01.org\/wp-content\/uploads\/2025\/02\/1-300x300.png 300w, https:\/\/www.ace01.org\/wp-content\/uploads\/2025\/02\/1-150x150.png 150w\" sizes=\"(max-width: 500px) 100vw, 500px\" \/><\/figure><div class=\"wp-block-media-text__content\">\n<h3 class=\"wp-block-heading\">Les Temps forts de l&rsquo;ann\u00e9e <\/h3>\n\n\n\n<p class=\"has-text-align-left\">Les temps forts de l&rsquo;ACE sont des journ\u00e9es pendant les vacances scolaires anim\u00e9es par des b\u00e9n\u00e9voles. Elles sont l&rsquo;occasion pour les enfants de se rencontrer, de s&rsquo;amuser, de cuisiner, de bricoler, etc. Cette ann\u00e9e, une vingtaine d&rsquo;enfants se sont retrouv\u00e9\u00b7es lors des trois temps forts organis\u00e9s. <\/p>\n\n\n\n<p>L&rsquo;ACE donne la parole aux enfants et les animateur\u00b7ices en ont pris compte lors de la pr\u00e9paration de ces temps forts. au programme, grands jeux en ext\u00e9rieur, chasses aux tr\u00e9sors, pique-niques, p\u00e2tisseries mais aussi activit\u00e9s manuelles et r\u00e9cr\u00e9atives ! <\/p>\n\n\n\n<p>Les temps forts de l&rsquo;ACE sont des journ\u00e9es pendant les vacances scolaires anim\u00e9es par des b\u00e9n\u00e9voles. Elles sont l&rsquo;occasion pour les enfants de se rencontrer, de s&rsquo;amuser, de cuisiner, de bricoler, etc. Cette ann\u00e9e, une vingtaine d&rsquo;enfants se sont retrouv\u00e9\u00b7es lors des trois temps forts organis\u00e9s. <\/p>\n\n\n\n<p>L&rsquo;ACE donne la parole aux enfants et les animateur\u00b7ices en ont pris compte lors de la pr\u00e9paration de ces temps forts. au programme, grands jeux en ext\u00e9rieur, chasses aux tr\u00e9sors, pique-niques, p\u00e2tisseries mais aussi activit\u00e9s manuelles et r\u00e9cr\u00e9atives ! <\/p>\n<\/div><\/div>\n\n\n\n<div class=\"wp-block-media-text has-media-on-the-right is-stacked-on-mobile\"><div class=\"wp-block-media-text__content\">\n<h3 class=\"wp-block-heading\">Focus sur la f\u00eate du jeu <\/h3>\n\n\n\n<p>En 2024 encore, l&rsquo;ACE a organis\u00e9 et anim\u00e9 la F\u00eate du Jeu \u00e0 Bourg-en-Bresse. Une journ\u00e9e pour les petit\u00b7es et les grand\u00b7es qui invite \u00e0 faire ressortir l&rsquo;enfant en chacun\u00b7e de nous. L&rsquo;\u00e9v\u00e8nement a rassembl\u00e9 des enfants de l&rsquo;ACE mais aussi leurs fratrie, leurs parents et grands-parents. <\/p>\n\n\n\n<h3 class=\"wp-block-heading\">L&rsquo;Assembl\u00e9e G\u00e9n\u00e9rale S\u00e8me tes id\u00e9es <\/h3>\n\n\n\n<p>La journ\u00e9e de lancement d&rsquo;ann\u00e9e \u00ab\u00a0S\u00e8me tes id\u00e9es\u00a0\u00bb s&rsquo;est d\u00e9roul\u00e9 le 30 septembre 2023 \u00e0 Etrez, en partenariat avec le MRJC et le CMR. <\/p>\n\n\n\n<p>L&rsquo;apr\u00e8s-midi fut consacr\u00e9e \u00e0 l&rsquo;Assembl\u00e9e G\u00e9n\u00e9rale : un moment pour se rem\u00e9morer l&rsquo;ann\u00e9e \u00e9coul\u00e9e, lancer une nouvelle dynamique et se projeter sur l&rsquo;ann\u00e9e \u00e0 venir. Puis nous avons cl\u00f4tur\u00e9 cette journ\u00e9e par un bal folk ouvert ! <\/p>\n\n\n\n<h3 class=\"wp-block-heading\">Une journ\u00e9e matos <\/h3>\n\n\n\n<p>C&rsquo;est le 19 mai que des parents, des enfants, animateur\u00b7ices, administrateur\u00b7ices se sont retrouv\u00e9\u00b7es pour la \u00ab\u00a0journ\u00e9e matos\u00a0\u00bb. C&rsquo;est l&rsquo;occasion de tester, monter le mat\u00e9riel de camp (marabout, tentes&#8230;), de trier les malles de rangement&#8230; pour pouvoir partir en camp. C&rsquo;\u00e9tait aussi un moment convivial autour d&rsquo;un bon repas. <\/p>\n<\/div><figure class=\"wp-block-media-text__media\"><img loading=\"lazy\" decoding=\"async\" width=\"500\" height=\"500\" src=\"https:\/\/www.ace01.org\/wp-content\/uploads\/2025\/02\/2.png\" alt=\"\" class=\"wp-image-138 size-full\" srcset=\"https:\/\/www.ace01.org\/wp-content\/uploads\/2025\/02\/2.png 500w, https:\/\/www.ace01.org\/wp-content\/uploads\/2025\/02\/2-300x300.png 300w, https:\/\/www.ace01.org\/wp-content\/uploads\/2025\/02\/2-150x150.png 150w\" sizes=\"(max-width: 500px) 100vw, 500px\" \/><\/figure><\/div>\n\n\n\n<div class=\"wp-block-media-text is-stacked-on-mobile\"><figure class=\"wp-block-media-text__media\"><img loading=\"lazy\" decoding=\"async\" width=\"500\" height=\"500\" src=\"https:\/\/www.ace01.org\/wp-content\/uploads\/2025\/02\/3.png\" alt=\"\" class=\"wp-image-139 size-full\" srcset=\"https:\/\/www.ace01.org\/wp-content\/uploads\/2025\/02\/3.png 500w, https:\/\/www.ace01.org\/wp-content\/uploads\/2025\/02\/3-300x300.png 300w, https:\/\/www.ace01.org\/wp-content\/uploads\/2025\/02\/3-150x150.png 150w\" sizes=\"(max-width: 500px) 100vw, 500px\" \/><\/figure><div class=\"wp-block-media-text__content\">\n<h3 class=\"wp-block-heading has-text-align-center\">Les s\u00e9jours <\/h3>\n\n\n\n<p>Cet \u00e9t\u00e9, nous avons organis\u00e9 deux camps de vacances sous tente au camping Le Point Vert \u00e0 Serri\u00e8res-de-Briord (01) : <\/p>\n\n\n\n<ul>\n<li>Un camp d&rsquo;enfants \u00e2g\u00e9\u00b7es de 6 \u00e0 8 ans du 7 au 12 juillet, qui a rassembl\u00e9 20 enfants. <\/li>\n\n\n\n<li>Un camp d&rsquo;enfants \u00e2g\u00e9\u00b7es de 9 \u00e0 11 ans du 14 au 21 juillet, qui a rassembl\u00e9 22 enfants. <\/li>\n<\/ul>\n\n\n\n<p>Les enfants ont \u00e9t\u00e9 anim\u00e9s par 7 jeunes animateurs et animatrices b\u00e9n\u00e9voles. Ces deux camps ont \u00e9t\u00e9 des moments de partages et de joie pour les enfants. Ils et elles ont pu jouer et participer \u00e0 la vie quotidienne du camp (cuisine, vaisselle, &#8230;) mais aussi organiser et animer des veill\u00e9es et des temps d&rsquo;animation en petit groupe. <\/p>\n\n\n\n<p>Cette ann\u00e9e, les enfants ont profit\u00e9 d&rsquo;une journ\u00e9e v\u00e9lo mais aussi d&rsquo;un atelier peinture libre anim\u00e9 par une plasticienne du Revermont, ainsi qu&rsquo;une initiation au Break Dance. Des balades, des grands jeux, des fous rires \u00e9taient au programme. <\/p>\n<\/div><\/div>\n\n\n\n<figure class=\"wp-block-image aligncenter size-full\"><img loading=\"lazy\" decoding=\"async\" width=\"1000\" height=\"250\" src=\"https:\/\/www.ace01.org\/wp-content\/uploads\/2025\/02\/banniereACE01.jpg\" alt=\"\" class=\"wp-image-140\" srcset=\"https:\/\/www.ace01.org\/wp-content\/uploads\/2025\/02\/banniereACE01.jpg 1000w, https:\/\/www.ace01.org\/wp-content\/uploads\/2025\/02\/banniereACE01-300x75.jpg 300w\" sizes=\"(max-width: 1000px) 100vw, 1000px\" \/><\/figure>\n","protected":false},"excerpt":{"rendered":"<p>Les Temps forts de l&rsquo;ann\u00e9e Les temps forts de l&rsquo;ACE sont des journ\u00e9es pendant les vacances scolaires anim\u00e9es par des b\u00e9n\u00e9voles. Elles sont l&rsquo;occasion pour les enfants de se rencontrer, de s&rsquo;amuser, de cuisiner, de bricoler, etc. Cette ann\u00e9e, une vingtaine d&rsquo;enfants se sont retrouv\u00e9\u00b7es lors des trois temps forts organis\u00e9s. L&rsquo;ACE donne la parole &hellip; <\/p>\n<p class=\"link-more\"><a href=\"https:\/\/www.ace01.org\/?page_id=174\" class=\"more-link\">Lire la suite de<span class=\"screen-reader-text\">\u00ab\u00a0Rapport d&rsquo;activit\u00e9 2023-2024\u00a0\u00bb<\/span><\/a><\/p>\n","protected":false},"author":1,"featured_media":0,"parent":0,"menu_order":0,"comment_status":"closed","ping_status":"closed","template":"","meta":{"footnotes":""},"_links":{"self":[{"href":"https:\/\/www.ace01.org\/index.php?rest_route=\/wp\/v2\/pages\/174"}],"collection":[{"href":"https:\/\/www.ace01.org\/index.php?rest_route=\/wp\/v2\/pages"}],"about":[{"href":"https:\/\/www.ace01.org\/index.php?rest_route=\/wp\/v2\/types\/page"}],"author":[{"embeddable":true,"href":"https:\/\/www.ace01.org\/index.php?rest_route=\/wp\/v2\/users\/1"}],"replies":[{"embeddable":true,"href":"https:\/\/www.ace01.org\/index.php?rest_route=%2Fwp%2Fv2%2Fcomments&post=174"}],"version-history":[{"count":2,"href":"https:\/\/www.ace01.org\/index.php?rest_route=\/wp\/v2\/pages\/174\/revisions"}],"predecessor-version":[{"id":176,"href":"https:\/\/www.ace01.org\/index.php?rest_route=\/wp\/v2\/pages\/174\/revisions\/176"}],"wp:attachment":[{"href":"https:\/\/www.ace01.org\/index.php?rest_route=%2Fwp%2Fv2%2Fmedia&parent=174"}],"curies":[{"name":"wp","href":"https:\/\/api.w.org\/{rel}","templated":true}]}}